{"id":48,"date":"2016-08-01T12:09:33","date_gmt":"2016-08-01T12:09:33","guid":{"rendered":"http:\/\/senior.aislinthemes.com\/senior-nurse\/?page_id=729"},"modified":"2022-04-22T06:45:24","modified_gmt":"2022-04-22T04:45:24","slug":"home-default","status":"publish","type":"page","link":"https:\/\/www.volker-krause-kg.de\/online\/","title":{"rendered":"Home"},"content":{"rendered":"<p>[vc_row][vc_column][layerslider_vc id=&#8221;1&#8243;][vc_column_text]<\/p>\n<p style=\"text-align: center;\"><strong><em><span style=\"font-family: MyriadPro-Bold; color: #52c000; font-size: 38px;\">Finden Sie mit uns gemeinsam<br \/>\ndie bestm\u00f6gliche Pflege und Betreuung.<\/span><\/em><\/strong>[\/vc_column_text][\/vc_column][\/vc_row][vc_row equal_height=&#8221;yes&#8221; css=&#8221;.vc_custom_1635235694879{margin-top: 15px !important;margin-right: 5px !important;margin-left: 5px !important;}&#8221; el_id=&#8221;about&#8221;][vc_column css=&#8221;.vc_custom_1470146376669{padding-right: 35px !important;padding-left: 35px !important;background-color: #f4f6f8 !important;}&#8221;][vc_row_inner][vc_column_inner width=&#8221;1\/4&#8243; css=&#8221;.vc_custom_1470146290974{padding-right: 10px !important;padding-left: 10px !important;}&#8221;][vc_single_image image=&#8221;341&#8243; img_size=&#8221;full&#8221; style=&#8221;vc_box_circle&#8221; css=&#8221;.vc_custom_1648629528847{margin-bottom: 0px !important;}&#8221;][\/vc_column_inner][vc_column_inner width=&#8221;3\/4&#8243; css=&#8221;.vc_custom_1470146297166{padding-right: 10px !important;padding-left: 10px !important;}&#8221;][vc_custom_heading text=&#8221;Alles aus einer Hand &#8211; Beraten &#8211; Pflegen &#8211; Betreuen&#8221; font_container=&#8221;tag:h5|font_size:18px|text_align:left|color:%236f7277&#8243; google_fonts=&#8221;font_family:Playfair%20Display%3Aregular%2Citalic%2C700%2C700italic%2C900%2C900italic|font_style:700%20bold%20regular%3A700%3Anormal&#8221; css=&#8221;.vc_custom_1648628715420{margin-top: -5px !important;}&#8221;][vc_column_text]<span style=\"font-family: MyriadPro-Regular; color: #000000;\">Unter diesem Motto bieten wir seit 1992 kompetente Versorgung in der <strong>Alten- und Krankenpflege<\/strong>. Zu unseren T\u00e4tigkeitsfeldern geh\u00f6ren die ambulanten Pflege und Versorgung sowie seit 2015 der h\u00e4usliche <strong>Alltags- und Betreuungsservice<\/strong>.<\/span><\/p>\n<p><span style=\"font-family: MyriadPro-Regular; color: #000000;\">Unsere Gesch\u00e4ftsr\u00e4ume befinden sich im zentral gelegenen Stadtteil Leverkusen-K\u00fcppersteg. Neben dem Gro\u00dfraum Leverkusen umfassen unsere Einsatzgebiete auch die angrenzenden Stadtteile.<\/span><\/p>\n<p><span style=\"font-family: MyriadPro-Regular; color: #000000;\">Durch die Zusammensetzung aus examinierten Gesundheits- und Krankenpflegern, geschulten Pflegekr\u00e4ften sowie Betreuungspersonal k\u00f6nnen wir qualit\u00e4tsvollen Service \u201eaus einer Hand\u201c gew\u00e4hrleisten; sowohl finanziell als auch organisatorisch.<span class=\"Apple-converted-space\">\u00a0<\/span><\/span><\/p>\n<p><span style=\"font-family: MyriadPro-Regular; color: #000000;\">Als <strong>Ausbildungsbetrieb<\/strong> bilden wir regelm\u00e4\u00dfig Nachwuchskr\u00e4fte in der Pflege aus. Zur Zeit absolvieren f\u00fcnf Auszubildende bei uns ihre Ausbildung zur Altenpfleger*in bzw. Pflegefachkraft.<\/span><\/p>\n<p><span style=\"font-family: MyriadPro-Regular; color: #000000;\">Mit mehr als 40 Mitarbeiterinnen und Mitarbeitern bieten wir Ihnen ein vielf\u00e4ltiges Pflege-, Betreuungs- und Beratungsangebot, das Ihnen die Wahlfreiheit gibt, die M\u00f6glichkeiten auszusuchen, die Ihren eigenen W\u00fcnschen, Bed\u00fcrfnissen und Interessen am besten entspricht. Rufen Sie uns an! Wir beraten Sie gerne. <strong>Kostenlos<\/strong> und <strong>unverbindlich<\/strong>!<\/span>[\/vc_column_text][vc_column_text]<\/p>\n<p style=\"text-align: center; font-size: 25px;\"><em><strong><span style=\"font-family: MyriadPro-Bold;\">Wir sind Vertragspartner aller Pflege- und Krankenkassen.<\/span><\/strong><\/em><\/p>\n<p>[\/vc_column_text][\/vc_column_inner][\/vc_row_inner][\/vc_column][\/vc_row][vc_row css=&#8221;.vc_custom_1470139438890{margin-top: 65px !important;margin-bottom: 46px !important;}&#8221;][vc_column width=&#8221;1\/2&#8243; offset=&#8221;vc_col-xs-6&#8243;][vc_custom_heading text=&#8221;<strong><em>Immer f\u00fcr<br \/>\nSie da<\/em><\/strong>&#8221; font_container=&#8221;tag:h2|text_align:right|color:%236f7277&#8243; use_theme_fonts=&#8221;yes&#8221; link=&#8221;url:%23||&#8221;][\/vc_column][vc_column width=&#8221;1\/2&#8243; offset=&#8221;vc_col-xs-6&#8243;]\n\t\t\t\t\t<div class=\"wh-theme-icon vc_custom_1470648899884  scp_theme_icon-8699d36213c63284136fc447d9268d53\">\n\t\t\t\t<i class=\"theme-icon-signs4\"><\/i>\n\t\t\t<\/div>\n\t\t\t\t[vc_custom_heading text=&#8221;Unsere Kunden werden auch an Wochenenden sowie an Feiertagen besucht. Dar\u00fcber hinaus gew\u00e4hren wir eine 24-Stunden Rufbereitschaft durch kompetente Pflegekr\u00e4fte.&#8221; font_container=&#8221;tag:p|font_size:14px|text_align:left|line_height:23px&#8221; use_theme_fonts=&#8221;yes&#8221; css=&#8221;.vc_custom_1646123131784{margin-bottom: 0px !important;padding-right: 20px !important;padding-left: 60px !important;}&#8221; el_class=&#8221;wh-home-quote&#8221;][\/vc_column][\/vc_row][vc_row full_width=&#8221;stretch_row&#8221; el_id=&#8221;qualifications&#8221; css=&#8221;.vc_custom_1470660083398{margin-top: 44px !important;padding-bottom: 20px !important;background-color: #f4f6f8 !important;}&#8221;][vc_column css=&#8221;.vc_custom_1470125661813{margin-bottom: 0px !important;background-color: #f4f6f8 !important;}&#8221;][vc_column_text css=&#8221;.vc_custom_1648658396395{margin-top: 25px !important;}&#8221;]<\/p>\n<p style=\"text-align: center;\"><span style=\"font-family: MyriadPro-Regular; color: #000000; font-size: 16px;\">Ein Auszug unserer Leistungen:<\/span><\/p>\n<p>[\/vc_column_text][vc_column_text css=&#8221;.vc_custom_1648658555567{margin-top: 25px !important;}&#8221;]<\/p>\n<p style=\"text-align: center;\"><em><span style=\"font-family: MyriadPro-Regular; color: #00d500; font-size: 22px;\">An- und Ausziehen von Kompressionsstr\u00fcmpfen<\/span><\/em><\/p>\n<p style=\"text-align: center;\"><em><span style=\"font-family: MyriadPro-Regular; color: #00d500; font-size: 22px;\">Injektionen &amp; Medikamentengabe<\/span><\/em><\/p>\n<p style=\"text-align: center;\"><em><span style=\"font-family: MyriadPro-Regular; color: #00d500; font-size: 22px;\">Infusions- \/Schmerztherapie<\/span><\/em><\/p>\n<p style=\"text-align: center;\"><em><span style=\"font-family: MyriadPro-Regular; color: #00d500; font-size: 22px;\">Enterale und parenterale Ern\u00e4hrung<\/span><\/em><\/p>\n<p style=\"text-align: center;\"><em><span style=\"font-family: MyriadPro-Regular; color: #00d500; font-size: 22px;\">Portversorgung<\/span><\/em><\/p>\n<p style=\"text-align: center;\"><em><span style=\"font-family: MyriadPro-Regular; color: #00d500; font-size: 22px;\"> Kompressionsverb\u00e4nde<\/span><\/em><\/p>\n<p style=\"text-align: center;\"><em><span style=\"font-family: MyriadPro-Regular; color: #00d500; font-size: 22px;\">Beratungsbesuche nach \u00a737.3 SGB XI<\/span><\/em><\/p>\n<p style=\"text-align: center;\"><em><span style=\"font-family: MyriadPro-Regular; color: #00d500; font-size: 22px;\">Allgemeine K\u00f6rperpflege<\/span><\/em><\/p>\n<p>[\/vc_column_text][vc_column_text css=&#8221;.vc_custom_1648658486649{margin-top: 25px !important;}&#8221;]<\/p>\n<p style=\"text-align: center;\"><a href=\"https:\/\/www.volker-krause-kg.de\/online\/leistungen\/\">\u2192 Mehr Leistungen<\/a><\/p>\n<p>[\/vc_column_text][\/vc_column][\/vc_row][vc_row css=&#8221;.vc_custom_1647679119355{padding-top: 30px !important;}&#8221;][vc_column css=&#8221;.vc_custom_1461666389681{margin-bottom: 0px !important;padding-top: 0px !important;}&#8221;][\/vc_column][\/vc_row][vc_row full_width=&#8221;stretch_row&#8221; css=&#8221;.vc_custom_1647679231547{padding-top: 45px !important;padding-bottom: 45px !important;}&#8221;][vc_column width=&#8221;1\/3&#8243;][\/vc_column][vc_column width=&#8221;1\/3&#8243;][vc_single_image image=&#8221;126&#8243; img_size=&#8221;full&#8221; alignment=&#8221;center&#8221; onclick=&#8221;link_image&#8221;][\/vc_column][vc_column width=&#8221;1\/3&#8243;][vc_custom_heading text=&#8221;<b>Transparenzbericht<\/b>&#8221; font_container=&#8221;tag:p|text_align:left|color:%236f7277&#8243; use_theme_fonts=&#8221;yes&#8221; css=&#8221;.vc_custom_1647679173066{margin-bottom: 15px !important;}&#8221;][vc_column_text]Aufgrund der Corona-Pandemie wurde unsere Einrichtung zuletzt im August 2019 gepr\u00fcft.[\/vc_column_text][\/vc_column][\/vc_row][vc_row full_width=&#8221;stretch_row&#8221; css=&#8221;.vc_custom_1461751483559{padding-top: 80px !important;padding-bottom: 80px !important;background-color: #f8f8f8 !important;}&#8221; el_id=&#8221;contact&#8221;][vc_column width=&#8221;1\/2&#8243; css=&#8221;.vc_custom_1458739667740{padding-right: 50px !important;}&#8221;][vc_column_text css=&#8221;.vc_custom_1648658989829{margin-bottom: 43px !important;}&#8221;]<\/p>\n<p style=\"text-align: left;\"><span style=\"font-family: MyriadPro-Bold; font-size: 22px;\">Kontaktieren Sie unser B\u00fcro<\/span><\/p>\n<p>[\/vc_column_text][vc_column_text css=&#8221;.vc_custom_1648658714929{margin-bottom: 43px !important;}&#8221;]<\/p>\n<p style=\"text-align: left;\"><span style=\"font-family: MyriadPro-Regular; color: #000000; font-size: 16px;\">Sie haben allgemeine Fragen, Anregungen, konstruktive Kritik und\/oder\u00a0Verbesserungsvorschl\u00e4ge?<br \/>\nBitte nehmen Sie pers\u00f6nlich Kontakt zu uns auf, denn so k\u00f6nnen wir Ihnen helfen, um in Zukunft weiterhin serviceorientiert f\u00fcr Sie da zu sein.<\/span>[\/vc_column_text][vc_column_text css=&#8221;.vc_custom_1650602722623{margin-bottom: 43px !important;}&#8221;]<\/p>\n<p style=\"text-align: left;\"><span style=\"font-family: MyriadPro-Regular; color: #000000; font-size: 16px;\">Volker Krause KG<\/span><\/p>\n<p>K\u00fcppersteger Str. 28<br \/>\n51373 Leverkusen<\/p>\n<p>Telefon: 0214 \/ 2600 4500<br \/>\nE-Mail: info@volker-krause-kg.de<\/p>\n<p><strong>B\u00fcrozeiten:<\/strong><br \/>\nMontag-Donnerstag: 08:00 &#8211; 16:00 Uhr<br \/>\nFreitag bis 13:00 Uhr[\/vc_column_text][vc_single_image image=&#8221;99&#8243; img_size=&#8221;full&#8221; style=&#8221;vc_box_shadow&#8221; css=&#8221;.vc_custom_1631347170412{margin-top: 30px !important;}&#8221;][\/vc_column][vc_column width=&#8221;1\/2&#8243; css=&#8221;.vc_custom_1461593337198{margin-bottom: 0px !important;border-top-width: 5px !important;border-right-width: 5px !important;border-bottom-width: 5px !important;border-left-width: 5px !important;background-color: #ffffff !important;border-left-color: #f0f0f0 !important;border-left-style: solid !important;border-right-color: #f0f0f0 !important;border-right-style: solid !important;border-top-color: #f0f0f0 !important;border-top-style: solid !important;border-bottom-color: #f0f0f0 !important;border-bottom-style: solid !important;}&#8221;][vc_custom_heading text=&#8221;<b>Kontakt<\/b>formular&#8221; font_container=&#8221;tag:h5|text_align:left|color:%236f7277&#8243; use_theme_fonts=&#8221;yes&#8221;]<div role=\"form\" class=\"wpcf7\" id=\"wpcf7-f6-o1\" lang=\"de-DE\" dir=\"ltr\">\n<div class=\"screen-reader-response\"><p role=\"status\" aria-live=\"polite\" aria-atomic=\"true\"><\/p> <ul><\/ul><\/div>\n<form action=\"\/online\/wp-json\/wp\/v2\/pages\/48#wpcf7-f6-o1\" method=\"post\" class=\"wpcf7-form init\" novalidate=\"novalidate\" data-status=\"init\">\n<div style=\"display: none;\">\n<input type=\"hidden\" name=\"_wpcf7\" value=\"6\" \/>\n<input type=\"hidden\" name=\"_wpcf7_version\" value=\"5.6.4\" \/>\n<input type=\"hidden\" name=\"_wpcf7_locale\" value=\"de_DE\" \/>\n<input type=\"hidden\" name=\"_wpcf7_unit_tag\" value=\"wpcf7-f6-o1\" \/>\n<input type=\"hidden\" name=\"_wpcf7_container_post\" value=\"0\" \/>\n<input type=\"hidden\" name=\"_wpcf7_posted_data_hash\" value=\"\" \/>\n<\/div>\n<p><label> Ihr Name<br \/>\n    <span class=\"wpcf7-form-control-wrap\" data-name=\"your-name\"><input type=\"text\" name=\"your-name\" value=\"\" size=\"40\" class=\"wpcf7-form-control wpcf7-text wpcf7-validates-as-required\" aria-required=\"true\" aria-invalid=\"false\" \/><\/span> <\/label><\/p>\n<p><label> Ihre E-Mailadresse<br \/>\n    <span class=\"wpcf7-form-control-wrap\" data-name=\"your-email\"><input type=\"email\" name=\"your-email\" value=\"\" size=\"40\" class=\"wpcf7-form-control wpcf7-text wpcf7-email wpcf7-validates-as-required wpcf7-validates-as-email\" aria-required=\"true\" aria-invalid=\"false\" \/><\/span> <\/label><\/p>\n<p><label> Ihre Telefonnummer<br \/>\n    <span class=\"wpcf7-form-control-wrap\" data-name=\"tel-995\"><input type=\"tel\" name=\"tel-995\" value=\"\" size=\"40\" class=\"wpcf7-form-control wpcf7-text wpcf7-tel wpcf7-validates-as-required wpcf7-validates-as-tel\" aria-required=\"true\" aria-invalid=\"false\" \/><\/span><\/label><\/p>\n<p><label> Betreff<br \/>\n    <span class=\"wpcf7-form-control-wrap\" data-name=\"your-subject\"><input type=\"text\" name=\"your-subject\" value=\"\" size=\"40\" class=\"wpcf7-form-control wpcf7-text wpcf7-validates-as-required\" aria-required=\"true\" aria-invalid=\"false\" \/><\/span> <\/label><\/p>\n<p><label> Ihre Nachricht<br \/>\n    <span class=\"wpcf7-form-control-wrap\" data-name=\"your-message\"><textarea name=\"your-message\" cols=\"40\" rows=\"10\" class=\"wpcf7-form-control wpcf7-textarea\" aria-invalid=\"false\"><\/textarea><\/span> <\/label><\/p>\n<p><input type=\"submit\" value=\"Abschicken\" class=\"wpcf7-form-control has-spinner wpcf7-submit\" \/><\/p>\n<div class=\"wpcf7-response-output\" aria-hidden=\"true\"><\/div><\/form><\/div>[\/vc_column][\/vc_row]<\/p>\n","protected":false},"excerpt":{"rendered":"<p>[vc_row][vc_column][layerslider_vc id=&#8221;1&#8243;][vc_column_text] Finden Sie mit uns gemeinsam die bestm\u00f6gliche Pflege und Betreuung.[\/vc_column_text][\/vc_column][\/vc_row][vc_row equal_height=&#8221;yes&#8221; css=&#8221;.vc_custom_1635235694879{margin-top: 15px !important;margin-right: 5px !important;margin-left: 5px !important;}&#8221;&nbsp;<a href=\"https:\/\/www.volker-krause-kg.de\/online\/\">&hellip;<\/a><\/p>\n","protected":false},"author":1,"featured_media":0,"parent":0,"menu_order":0,"comment_status":"closed","ping_status":"closed","template":"template-home.php","meta":{"footnotes":""},"class_list":["post-48","page","type-page","status-publish","hentry","odd"],"_links":{"self":[{"href":"https:\/\/www.volker-krause-kg.de\/online\/wp-json\/wp\/v2\/pages\/48","targetHints":{"allow":["GET"]}}],"collection":[{"href":"https:\/\/www.volker-krause-kg.de\/online\/wp-json\/wp\/v2\/pages"}],"about":[{"href":"https:\/\/www.volker-krause-kg.de\/online\/wp-json\/wp\/v2\/types\/page"}],"author":[{"embeddable":true,"href":"https:\/\/www.volker-krause-kg.de\/online\/wp-json\/wp\/v2\/users\/1"}],"replies":[{"embeddable":true,"href":"https:\/\/www.volker-krause-kg.de\/online\/wp-json\/wp\/v2\/comments?post=48"}],"version-history":[{"count":67,"href":"https:\/\/www.volker-krause-kg.de\/online\/wp-json\/wp\/v2\/pages\/48\/revisions"}],"predecessor-version":[{"id":375,"href":"https:\/\/www.volker-krause-kg.de\/online\/wp-json\/wp\/v2\/pages\/48\/revisions\/375"}],"wp:attachment":[{"href":"https:\/\/www.volker-krause-kg.de\/online\/wp-json\/wp\/v2\/media?parent=48"}],"curies":[{"name":"wp","href":"https:\/\/api.w.org\/{rel}","templated":true}]}}